{"id":129,"date":"2016-03-17T13:08:18","date_gmt":"2016-03-17T13:08:18","guid":{"rendered":"http:\/\/iraven.com.ar\/newsite\/?page_id=129"},"modified":"2016-04-13T12:08:23","modified_gmt":"2016-04-13T12:08:23","slug":"novedades","status":"publish","type":"page","link":"http:\/\/iraven.com.ar\/newsite\/novedades\/","title":{"rendered":"Novedades"},"content":{"rendered":"\n\t<div id=\"fws_69f48b549c45d\" data-bg-mobile-hidden=\"\" class=\"wpb_row vc_row-fluid standard_section  novedad_list \"  style=\"padding-top: 8%; padding-bottom: 0px; \"><div class=\"row-bg-wrap\"> <div class=\"row-bg  using-bg-color \" style=\"background-color: #ffffff; \"><\/div> <\/div><div class=\"col span_12 dark left\">\n\t<div  class=\"vc_span12 wpb_column column_container col no-extra-padding\"  data-padding-pos=\"all\" data-hover-bg=\"\" data-animation=\"\" data-delay=\"0\">\n\t\t<div class=\"wpb_wrapper\">\n\t\t\t\t\t\n\t\t<div class=\"row blog-recent columns-4\">\n\t\t\t\n\t\t\t\n\t\t\t<div class=\"col span_3\">\n\t\t\t\t\n\t\t\t\t<a href=\"http:\/\/iraven.com.ar\/newsite\/2016\/04\/28\/agricultura-geopolitica\/\"><img loading=\"lazy\" decoding=\"async\" width=\"600\" height=\"390\" src=\"http:\/\/iraven.com.ar\/newsite\/wp-content\/uploads\/2016\/04\/crecimiento-poblacional-agricultura-Maxi-Failla_CLAIMA20160414_0358_28_opt-600x390.jpg\" class=\"attachment-portfolio-thumb size-portfolio-thumb wp-post-image\" alt=\"\" title=\"\" \/><\/a>\n\t\t\t\t<div class=\"post-header\">\n\t\t\t\t\t<h3 class=\"title\"><a href=\"http:\/\/iraven.com.ar\/newsite\/2016\/04\/28\/agricultura-geopolitica\/\">Afirman que la agricultura es el nuevo eje de la geopol\u00edtica global<\/a><\/h3>\t\n\t\t\t\t\t<span class=\"meta-author\"><a href=\"http:\/\/iraven.com.ar\/newsite\/author\/iraven\/\" title=\"Entradas de Iraven Agronegocios\" rel=\"author\">Iraven Agronegocios<\/a> <\/span> <span class=\"meta-category\"> | <a href=\"http:\/\/iraven.com.ar\/newsite\/category\/sin-categoria\/\">Sin categor\u00eda<\/a> <\/span> <span class=\"meta-comment-count\"> | <a href=\"http:\/\/iraven.com.ar\/newsite\/2016\/04\/28\/agricultura-geopolitica\/#respond\">\n\t\t\t\t\tNo Comments<\/a> <\/span>\n\t\t\t\t<\/div><!--\/post-header-->\n\t\t\t\t\n\t\t\t\tLa gran preocupaci\u00f3n del mundo de cara a los pr\u00f3ximos a\u00f1os pasa por la disponibilidad de alimentos y energ\u00eda renovable para una poblaci\u00f3n que crece a gran velocidad. La Argentina...\t\t\t\t\n\t\t\t<\/div><!--\/span_3-->\n\t\t\t\n\t\t\t\t\n\t\t<\/div><!--\/blog-recent-->\n\t\n\t\n\t\t<\/div> \n\t<\/div> \n<\/div><\/div>\n","protected":false},"excerpt":{"rendered":"La gran preocupaci\u00f3n del mundo de cara a los pr\u00f3ximos a\u00f1os pasa por la disponibilidad de alimentos y energ\u00eda renovable para una poblaci\u00f3n que crece a gran velocidad. La Argentina...","protected":false},"author":1,"featured_media":0,"parent":0,"menu_order":0,"comment_status":"closed","ping_status":"closed","template":"","meta":{"footnotes":""},"class_list":["post-129","page","type-page","status-publish","hentry"],"_links":{"self":[{"href":"http:\/\/iraven.com.ar\/newsite\/wp-json\/wp\/v2\/pages\/129"}],"collection":[{"href":"http:\/\/iraven.com.ar\/newsite\/wp-json\/wp\/v2\/pages"}],"about":[{"href":"http:\/\/iraven.com.ar\/newsite\/wp-json\/wp\/v2\/types\/page"}],"author":[{"embeddable":true,"href":"http:\/\/iraven.com.ar\/newsite\/wp-json\/wp\/v2\/users\/1"}],"replies":[{"embeddable":true,"href":"http:\/\/iraven.com.ar\/newsite\/wp-json\/wp\/v2\/comments?post=129"}],"version-history":[{"count":11,"href":"http:\/\/iraven.com.ar\/newsite\/wp-json\/wp\/v2\/pages\/129\/revisions"}],"predecessor-version":[{"id":316,"href":"http:\/\/iraven.com.ar\/newsite\/wp-json\/wp\/v2\/pages\/129\/revisions\/316"}],"wp:attachment":[{"href":"http:\/\/iraven.com.ar\/newsite\/wp-json\/wp\/v2\/media?parent=129"}],"curies":[{"name":"wp","href":"https:\/\/api.w.org\/{rel}","templated":true}]}}